{"id":1692,"date":"2014-03-19T12:48:44","date_gmt":"2014-03-19T11:48:44","guid":{"rendered":"http:\/\/www.albisbrunn.ch\/wp\/?post_type=project&#038;p=1692"},"modified":"2017-12-22T08:19:45","modified_gmt":"2017-12-22T07:19:45","slug":"innenausbau-schulhaus","status":"publish","type":"project","link":"https:\/\/www.albisbrunn.ch\/wp\/project\/innenausbau-schulhaus\/","title":{"rendered":"Innenausbau Schulhaus"},"content":{"rendered":"<p>[et_pb_section fb_built=&#187;1&#8243; admin_label=&#187;section&#187; _builder_version=&#187;3.0.47&#8243;][et_pb_row admin_label=&#187;row&#187; _builder_version=&#187;3.0.47&#8243; background_size=&#187;initial&#187; background_position=&#187;top_left&#187; background_repeat=&#187;repeat&#187;][et_pb_column type=&#187;1_2&#8243; _builder_version=&#187;3.0.47&#8243; parallax=&#187;off&#187; parallax_method=&#187;on&#187;][et_pb_text admin_label=&#187;Project Title\/Desc&#187; _builder_version=&#187;3.0.47&#8243; background_size=&#187;initial&#187; background_position=&#187;top_left&#187; background_repeat=&#187;repeat&#187;]<\/p>\n<h1>Unsere Arbeit macht Schule<\/h1>\n<p>Von der Gemeine Stallikon erhielten wir den Auftrag f\u00fcr den Neubau der Primarschulhaus-Anlage P\u00fcnten, ein zweigeschossiger Holzbau, den Innenausbau zu realisieren. Das zust\u00e4ndige Architekturb\u00fcro bezog unsere Schreinerei bereits sehr fr\u00fch in den Planungs- und Realisierungsprozess mit ein; nicht zuletzt aufgrund unserer Referenzen und Erfahrungen im Schulhausbau.<\/p>\n<p>In enger Zusammenarbeit mit den Architekten entwickelte und realisierte unsere Schreinerei die Einbauschr\u00e4nke, WC-Trennw\u00e4nde, die K\u00fcchen sowie Arbeitssimse in den Klassenr\u00e4umen.<\/p>\n<p>Die Arbeitssimse verf\u00fcgen \u00fcber Stahlwinkel als Tr\u00e4ger, die wir verdeckt montiert haben. Diese designorientierte und funktionale Spezialanfertigung war nur m\u00f6glich dank den handwerklichen Synergien mit unserer Schlosserei.<\/p>\n<h3>Unsere Qualit\u00e4ten<\/h3>\n<p>Bei diesem Projekt war die Schreinerei Albisbrunn von Anfang bis Bauabschluss beratend involviert und konnte so mit konstruktiven L\u00f6sungen und einer hochwertigen Materialisierung zur r\u00e4umlichen und funktionalen Qualit\u00e4t des Schulhaus-Neubaus beitragen.<\/p>\n<p>Wir verfolgen einen ganzheitlichen, nutzerorientierten Ansatz. Die Beratung in allen Phasen eines Projekts ist neben dem handwerklichen Know-How eine St\u00e4rke und Spezialit\u00e4t der Schreinerei Albisbrunn.<\/p>\n<p>[\/et_pb_text][\/et_pb_column][et_pb_column type=&#187;1_2&#8243; _builder_version=&#187;3.0.47&#8243; parallax=&#187;off&#187; parallax_method=&#187;on&#187;][et_pb_image src=&#187;https:\/\/www.albisbrunn.ch\/wp\/wp-content\/uploads\/2014\/03\/Schreinerei-CS-2-1.jpg&#187; show_in_lightbox=&#187;on&#187; use_overlay=&#187;on&#187; admin_label=&#187;Image&#187; _builder_version=&#187;3.0.47&#8243; animation_style=&#187;slide&#187; animation_direction=&#187;left&#187; animation_duration=&#187;500ms&#187; animation_intensity_slide=&#187;10%&#187; animation=&#187;left&#187;] [\/et_pb_image][et_pb_divider color=&#187;#dedede&#187; show_divider=&#187;on&#187; disabled_on=&#187;on|on|off&#187; admin_label=&#187;Divider&#187; _builder_version=&#187;3.0.47&#8243;] [\/et_pb_divider][et_pb_image src=&#187;https:\/\/www.albisbrunn.ch\/wp\/wp-content\/uploads\/2014\/03\/Schreinerei-CS-2-2.jpg&#187; show_in_lightbox=&#187;on&#187; use_overlay=&#187;on&#187; admin_label=&#187;Image&#187; _builder_version=&#187;3.0.47&#8243; animation_style=&#187;slide&#187; animation_direction=&#187;left&#187; animation_duration=&#187;500ms&#187; animation_intensity_slide=&#187;10%&#187; animation=&#187;left&#187;] [\/et_pb_image][et_pb_divider color=&#187;#dedede&#187; show_divider=&#187;on&#187; disabled_on=&#187;on|on|off&#187; admin_label=&#187;Divider&#187; _builder_version=&#187;3.0.47&#8243;] [\/et_pb_divider][et_pb_image src=&#187;https:\/\/www.albisbrunn.ch\/wp\/wp-content\/uploads\/2014\/03\/Schreinerei-CS-2-3.jpg&#187; show_in_lightbox=&#187;on&#187; use_overlay=&#187;on&#187; admin_label=&#187;Image&#187; _builder_version=&#187;3.0.47&#8243; animation_style=&#187;slide&#187; animation_direction=&#187;left&#187; animation_duration=&#187;500ms&#187; animation_intensity_slide=&#187;10%&#187; animation=&#187;left&#187;] [\/et_pb_image][et_pb_divider color=&#187;#dedede&#187; show_divider=&#187;on&#187; disabled_on=&#187;on|on|off&#187; admin_label=&#187;Divider&#187; _builder_version=&#187;3.0.47&#8243;] [\/et_pb_divider][et_pb_image src=&#187;https:\/\/www.albisbrunn.ch\/wp\/wp-content\/uploads\/2014\/03\/Schreinerei-CS-2-4.jpg&#187; show_in_lightbox=&#187;on&#187; use_overlay=&#187;on&#187; admin_label=&#187;Image&#187; _builder_version=&#187;3.0.47&#8243; animation_style=&#187;slide&#187; animation_direction=&#187;left&#187; animation_duration=&#187;500ms&#187; animation_intensity_slide=&#187;10%&#187; animation=&#187;left&#187;] [\/et_pb_image][\/et_pb_column][\/et_pb_row][\/et_pb_section][et_pb_section fb_built=&#187;1&#8243; background_color=&#187;#f5f5f5&#8243; inner_shadow=&#187;on&#187; admin_label=&#187;section&#187; _builder_version=&#187;3.0.47&#8243;][et_pb_row admin_label=&#187;row&#187; _builder_version=&#187;3.0.47&#8243; background_size=&#187;initial&#187; background_position=&#187;top_left&#187; background_repeat=&#187;repeat&#187;][et_pb_column type=&#187;4_4&#8243; _builder_version=&#187;3.0.47&#8243; parallax=&#187;off&#187; parallax_method=&#187;on&#187;][et_pb_text admin_label=&#187;Projects Grid Title&#187; _builder_version=&#187;3.0.47&#8243; background_size=&#187;initial&#187; background_position=&#187;top_left&#187; background_repeat=&#187;repeat&#187;]<\/p>\n<h2>Mehr Kundenbeispiele<\/h2>\n<p>[\/et_pb_text][et_pb_filterable_portfolio fullwidth=&#187;off&#187; posts_number=&#187;8&#8243; admin_label=&#187;Filterable Portfolio&#187; _builder_version=&#187;3.0.47&#8243; background_size=&#187;initial&#187; background_position=&#187;top_left&#187; background_repeat=&#187;repeat&#187;] [\/et_pb_filterable_portfolio][\/et_pb_column][\/et_pb_row][\/et_pb_section][et_pb_section fb_built=&#187;1&#8243; background_color=&#187;#2e2e2e&#187; admin_label=&#187;section&#187; _builder_version=&#187;3.0.47&#8243;][et_pb_row padding_mobile=&#187;off&#187; column_padding_mobile=&#187;on&#187; admin_label=&#187;row&#187; _builder_version=&#187;3.0.47&#8243; background_size=&#187;initial&#187; background_position=&#187;top_left&#187; background_repeat=&#187;repeat&#187; global_module=&#187;27970&#8243;][et_pb_column type=&#187;1_2&#8243; _builder_version=&#187;3.0.47&#8243; column_padding_mobile=&#187;on&#187; parallax=&#187;off&#187; parallax_method=&#187;on&#187;][et_pb_text background_layout=&#187;dark&#187; admin_label=&#187;Text&#187; _builder_version=&#187;3.0.47&#8243; background_size=&#187;initial&#187; background_position=&#187;top_left&#187; background_repeat=&#187;repeat&#187;]<\/p>\n<h1>Kontakt aufnehmen<\/h1>\n<p>[\/et_pb_text][et_pb_contact_form email=&#187;&#115;&#99;&#x68;r&#101;&#x69;&#x6e;e&#114;&#x65;&#x69;&#64;&#97;&#x6c;b&#105;&#x73;&#x62;r&#117;&#x6e;&#x6e;&#46;&#99;&#x68;&#187; custom_message=&#187;%%Name%%||et_pb_line_break_holder||%%Email%%||et_pb_line_break_holder||%%Message%%&#187; admin_label=&#187;Contact Form&#187; module_id=&#187;et_pb_contact_form_0&#8243; _builder_version=&#187;3.0.47&#8243;][et_pb_contact_field field_id=&#187;Name&#187; field_title=&#187;Name&#187; _builder_version=&#187;3.0.47&#8243; border_radii=&#187;on||||&#187;] [\/et_pb_contact_field][et_pb_contact_field field_id=&#187;Email&#187; field_title=&#187;E-Mail-Adresse&#187; field_type=&#187;email&#187; _builder_version=&#187;3.0.47&#8243; border_radii=&#187;on||||&#187;] [\/et_pb_contact_field][et_pb_contact_field field_id=&#187;Message&#187; field_title=&#187;Nachricht&#187; field_type=&#187;text&#187; fullwidth_field=&#187;on&#187; _builder_version=&#187;3.0.47&#8243; form_field_font=&#187;||||&#187; border_radii=&#187;on||||&#187; use_border_color=&#187;off&#187;] [\/et_pb_contact_field][\/et_pb_contact_form][\/et_pb_column][et_pb_column type=&#187;1_4&#8243; _builder_version=&#187;3.0.47&#8243; column_padding_mobile=&#187;on&#187; parallax=&#187;off&#187; parallax_method=&#187;on&#187;][et_pb_text background_layout=&#187;dark&#187; admin_label=&#187;Titel&#187; _builder_version=&#187;3.0.47&#8243; background_size=&#187;initial&#187; background_position=&#187;top_left&#187; background_repeat=&#187;repeat&#187;]<\/p>\n<h3>Kontaktdaten<\/h3>\n<p>Was Sie auch f\u00fcr ein Anliegen haben, wir nehmen uns gerne Zeit f\u00fcr Sie. <\/p>\n<p>[\/et_pb_text][et_pb_text background_layout=&#187;dark&#187; admin_label=&#187;Text&#187; _builder_version=&#187;3.0.85&#8243; background_size=&#187;initial&#187; background_position=&#187;top_left&#187; background_repeat=&#187;repeat&#187;]<\/p>\n<p><strong>Telefon:<\/strong>\u00a0+41\u00a044 764 81 10<br \/>\n<strong>Fax:<\/strong>\u00a0+41\u00a044 764 81 99<br \/>\n<strong>eMail:<\/strong>\u00a0s&#x63;&#104;r&#x65;&#105;n&#x65;&#114;e&#x69;&#64;a&#x6c;&#x62;i&#x73;&#x62;&#114;&#x75;&#x6e;&#110;&#x2e;&#x63;&#104;<\/p>\n<p><strong>Adresse:<\/strong>\u00a0Ebertswilerstrasse 33, 8915 Hausen\u00a0am Albis<br \/>\n<strong>Zeiten:<\/strong> Mo-Fr, 07:00-17:00<\/p>\n<p>Unsere <a href=\"https:\/\/www.albisbrunn.ch\/wp\/wp-content\/downloads\/AGB_Betriebe_Albisbrunn.pdf\" target=\"_blank\">AGB<\/a><\/p>\n<p>[\/et_pb_text][\/et_pb_column][et_pb_column type=&#187;1_4&#8243; _builder_version=&#187;3.0.47&#8243; column_padding_mobile=&#187;on&#187; parallax=&#187;off&#187; parallax_method=&#187;on&#187;][et_pb_text background_layout=&#187;dark&#187; admin_label=&#187;Titel ISO&#187; _builder_version=&#187;3.0.47&#8243; background_size=&#187;initial&#187; background_position=&#187;top_left&#187; background_repeat=&#187;repeat&#187; use_border_color=&#187;off&#187; border_style=&#187;solid&#187;]<\/p>\n<h3>ISO zertifiziert<\/h3>\n<p>Die Albisbrunn Produktionsbetriebe\u00a0bieten\u00a0ISO-zertifizierte Qualit\u00e4tsstandards. Faire Preise und eine gute Qualit\u00e4t sind\u00a0uns wichtig bei allem was wir anbieten.<br \/>\n[\/et_pb_text][et_pb_image src=&#187;https:\/\/www.albisbrunn.ch\/wp\/wp-content\/uploads\/2017\/12\/9001_gm_de.png&#187; alt=&#187;Baubetrieb ISO9001 Logo&#187; url=&#187;http:\/\/www.sgs.com\/en\/Our-Company\/Certified-Client-Directories\/Overview.aspx&#187; url_new_window=&#187;on&#187; align=&#187;center&#187; admin_label=&#187;Image&#187; _builder_version=&#187;3.0.92&#8243; max_width=&#187;85%&#187; max_width_tablet=&#187;70%&#187; max_width_last_edited=&#187;on|phone&#187; animation_style=&#187;slide&#187; animation_direction=&#187;bottom&#187; animation_duration=&#187;500ms&#187; animation_intensity_slide=&#187;10%&#187; use_border_color=&#187;off&#187;]\u00a0<br \/>\n[\/et_pb_image][\/et_pb_column][\/et_pb_row][\/et_pb_section]<\/p>\n<span class=\"et_bloom_bottom_trigger\"><\/span>","protected":false},"excerpt":{"rendered":"<p>Unsere Arbeit macht Schule Von der Gemeine Stallikon erhielten wir den Auftrag f\u00fcr den Neubau der Primarschulhaus-Anlage P\u00fcnten, ein zweigeschossiger Holzbau, den Innenausbau zu realisieren. Das zust\u00e4ndige Architekturb\u00fcro bezog unsere Schreinerei bereits sehr fr\u00fch in den Planungs- und Realisierungsprozess mit ein; nicht zuletzt aufgrund unserer Referenzen und Erfahrungen im Schulhausbau. In enger Zusammenarbeit mit den [&hellip;]<\/p>\n","protected":false},"author":1,"featured_media":2662,"comment_status":"open","ping_status":"open","template":"","meta":{"_et_pb_use_builder":"on","_et_pb_old_content":"","_et_gb_content_width":"","footnotes":""},"project_category":[25],"project_tag":[],"class_list":["post-1692","project","type-project","status-publish","has-post-thumbnail","hentry","project_category-schreinerei"],"yoast_head":"<!-- This site is optimized with the Yoast SEO plugin v27.5 - https:\/\/yoast.com\/product\/yoast-seo-wordpress\/ -->\n<title>Innenausbau Schulhaus - Albisbrunn<\/title>\n<meta name=\"robots\" content=\"index, follow, max-snippet:-1, max-image-preview:large, max-video-preview:-1\" \/>\n<link rel=\"canonical\" href=\"https:\/\/www.albisbrunn.ch\/wp\/project\/innenausbau-schulhaus\/\" \/>\n<meta property=\"og:locale\" content=\"de_DE\" \/>\n<meta property=\"og:type\" content=\"article\" \/>\n<meta property=\"og:title\" content=\"Innenausbau Schulhaus - Albisbrunn\" \/>\n<meta property=\"og:description\" content=\"Unsere Arbeit macht Schule Von der Gemeine Stallikon erhielten wir den Auftrag f\u00fcr den Neubau der Primarschulhaus-Anlage P\u00fcnten, ein zweigeschossiger Holzbau, den Innenausbau zu realisieren. Das zust\u00e4ndige Architekturb\u00fcro bezog unsere Schreinerei bereits sehr fr\u00fch in den Planungs- und Realisierungsprozess mit ein; nicht zuletzt aufgrund unserer Referenzen und Erfahrungen im Schulhausbau. In enger Zusammenarbeit mit den [&hellip;]\" \/>\n<meta property=\"og:url\" content=\"https:\/\/www.albisbrunn.ch\/wp\/project\/innenausbau-schulhaus\/\" \/>\n<meta property=\"og:site_name\" content=\"Albisbrunn\" \/>\n<meta property=\"article:modified_time\" content=\"2017-12-22T07:19:45+00:00\" \/>\n<meta property=\"og:image\" content=\"https:\/\/www.albisbrunn.ch\/wp\/wp-content\/uploads\/2014\/03\/Schreinerei-CS-2-Header.jpg\" \/>\n\t<meta property=\"og:image:width\" content=\"1600\" \/>\n\t<meta property=\"og:image:height\" content=\"1065\" \/>\n\t<meta property=\"og:image:type\" content=\"image\/jpeg\" \/>\n<meta name=\"twitter:label1\" content=\"Gesch\u00e4tzte Lesezeit\" \/>\n\t<meta name=\"twitter:data1\" content=\"5\u00a0Minuten\" \/>\n<script type=\"application\/ld+json\" class=\"yoast-schema-graph\">{\"@context\":\"https:\\\/\\\/schema.org\",\"@graph\":[{\"@type\":\"WebPage\",\"@id\":\"https:\\\/\\\/www.albisbrunn.ch\\\/wp\\\/project\\\/innenausbau-schulhaus\\\/\",\"url\":\"https:\\\/\\\/www.albisbrunn.ch\\\/wp\\\/project\\\/innenausbau-schulhaus\\\/\",\"name\":\"Innenausbau Schulhaus - Albisbrunn\",\"isPartOf\":{\"@id\":\"https:\\\/\\\/www.albisbrunn.ch\\\/wp\\\/#website\"},\"primaryImageOfPage\":{\"@id\":\"https:\\\/\\\/www.albisbrunn.ch\\\/wp\\\/project\\\/innenausbau-schulhaus\\\/#primaryimage\"},\"image\":{\"@id\":\"https:\\\/\\\/www.albisbrunn.ch\\\/wp\\\/project\\\/innenausbau-schulhaus\\\/#primaryimage\"},\"thumbnailUrl\":\"https:\\\/\\\/www.albisbrunn.ch\\\/wp\\\/wp-content\\\/uploads\\\/2014\\\/03\\\/Schreinerei-CS-2-Header.jpg\",\"datePublished\":\"2014-03-19T11:48:44+00:00\",\"dateModified\":\"2017-12-22T07:19:45+00:00\",\"breadcrumb\":{\"@id\":\"https:\\\/\\\/www.albisbrunn.ch\\\/wp\\\/project\\\/innenausbau-schulhaus\\\/#breadcrumb\"},\"inLanguage\":\"de-CH\",\"potentialAction\":[{\"@type\":\"ReadAction\",\"target\":[\"https:\\\/\\\/www.albisbrunn.ch\\\/wp\\\/project\\\/innenausbau-schulhaus\\\/\"]}]},{\"@type\":\"ImageObject\",\"inLanguage\":\"de-CH\",\"@id\":\"https:\\\/\\\/www.albisbrunn.ch\\\/wp\\\/project\\\/innenausbau-schulhaus\\\/#primaryimage\",\"url\":\"https:\\\/\\\/www.albisbrunn.ch\\\/wp\\\/wp-content\\\/uploads\\\/2014\\\/03\\\/Schreinerei-CS-2-Header.jpg\",\"contentUrl\":\"https:\\\/\\\/www.albisbrunn.ch\\\/wp\\\/wp-content\\\/uploads\\\/2014\\\/03\\\/Schreinerei-CS-2-Header.jpg\",\"width\":1600,\"height\":1065},{\"@type\":\"BreadcrumbList\",\"@id\":\"https:\\\/\\\/www.albisbrunn.ch\\\/wp\\\/project\\\/innenausbau-schulhaus\\\/#breadcrumb\",\"itemListElement\":[{\"@type\":\"ListItem\",\"position\":1,\"name\":\"Startseite\",\"item\":\"https:\\\/\\\/www.albisbrunn.ch\\\/wp\\\/\"},{\"@type\":\"ListItem\",\"position\":2,\"name\":\"Projekte\",\"item\":\"https:\\\/\\\/www.albisbrunn.ch\\\/wp\\\/project\\\/\"},{\"@type\":\"ListItem\",\"position\":3,\"name\":\"Innenausbau Schulhaus\"}]},{\"@type\":\"WebSite\",\"@id\":\"https:\\\/\\\/www.albisbrunn.ch\\\/wp\\\/#website\",\"url\":\"https:\\\/\\\/www.albisbrunn.ch\\\/wp\\\/\",\"name\":\"Albisbrunn\",\"description\":\"Pers\u00f6nlichkeitsbildung f\u00fcr Jugendliche in Entwicklungskrisen\",\"publisher\":{\"@id\":\"https:\\\/\\\/www.albisbrunn.ch\\\/wp\\\/#organization\"},\"potentialAction\":[{\"@type\":\"SearchAction\",\"target\":{\"@type\":\"EntryPoint\",\"urlTemplate\":\"https:\\\/\\\/www.albisbrunn.ch\\\/wp\\\/?s={search_term_string}\"},\"query-input\":{\"@type\":\"PropertyValueSpecification\",\"valueRequired\":true,\"valueName\":\"search_term_string\"}}],\"inLanguage\":\"de-CH\"},{\"@type\":\"Organization\",\"@id\":\"https:\\\/\\\/www.albisbrunn.ch\\\/wp\\\/#organization\",\"name\":\"Albisbrunn\",\"url\":\"https:\\\/\\\/www.albisbrunn.ch\\\/wp\\\/\",\"logo\":{\"@type\":\"ImageObject\",\"inLanguage\":\"de-CH\",\"@id\":\"https:\\\/\\\/www.albisbrunn.ch\\\/wp\\\/#\\\/schema\\\/logo\\\/image\\\/\",\"url\":\"https:\\\/\\\/www.albisbrunn.ch\\\/wp\\\/wp-content\\\/uploads\\\/2022\\\/01\\\/05_Logo_ALBISBRUNN_Logo_RGB.png\",\"contentUrl\":\"https:\\\/\\\/www.albisbrunn.ch\\\/wp\\\/wp-content\\\/uploads\\\/2022\\\/01\\\/05_Logo_ALBISBRUNN_Logo_RGB.png\",\"width\":2629,\"height\":344,\"caption\":\"Albisbrunn\"},\"image\":{\"@id\":\"https:\\\/\\\/www.albisbrunn.ch\\\/wp\\\/#\\\/schema\\\/logo\\\/image\\\/\"}}]}<\/script>\n<!-- \/ Yoast SEO plugin. -->","yoast_head_json":{"title":"Innenausbau Schulhaus - Albisbrunn","robots":{"index":"index","follow":"follow","max-snippet":"max-snippet:-1","max-image-preview":"max-image-preview:large","max-video-preview":"max-video-preview:-1"},"canonical":"https:\/\/www.albisbrunn.ch\/wp\/project\/innenausbau-schulhaus\/","og_locale":"de_DE","og_type":"article","og_title":"Innenausbau Schulhaus - Albisbrunn","og_description":"Unsere Arbeit macht Schule Von der Gemeine Stallikon erhielten wir den Auftrag f\u00fcr den Neubau der Primarschulhaus-Anlage P\u00fcnten, ein zweigeschossiger Holzbau, den Innenausbau zu realisieren. Das zust\u00e4ndige Architekturb\u00fcro bezog unsere Schreinerei bereits sehr fr\u00fch in den Planungs- und Realisierungsprozess mit ein; nicht zuletzt aufgrund unserer Referenzen und Erfahrungen im Schulhausbau. In enger Zusammenarbeit mit den [&hellip;]","og_url":"https:\/\/www.albisbrunn.ch\/wp\/project\/innenausbau-schulhaus\/","og_site_name":"Albisbrunn","article_modified_time":"2017-12-22T07:19:45+00:00","og_image":[{"width":1600,"height":1065,"url":"https:\/\/www.albisbrunn.ch\/wp\/wp-content\/uploads\/2014\/03\/Schreinerei-CS-2-Header.jpg","type":"image\/jpeg"}],"twitter_misc":{"Gesch\u00e4tzte Lesezeit":"5\u00a0Minuten"},"schema":{"@context":"https:\/\/schema.org","@graph":[{"@type":"WebPage","@id":"https:\/\/www.albisbrunn.ch\/wp\/project\/innenausbau-schulhaus\/","url":"https:\/\/www.albisbrunn.ch\/wp\/project\/innenausbau-schulhaus\/","name":"Innenausbau Schulhaus - Albisbrunn","isPartOf":{"@id":"https:\/\/www.albisbrunn.ch\/wp\/#website"},"primaryImageOfPage":{"@id":"https:\/\/www.albisbrunn.ch\/wp\/project\/innenausbau-schulhaus\/#primaryimage"},"image":{"@id":"https:\/\/www.albisbrunn.ch\/wp\/project\/innenausbau-schulhaus\/#primaryimage"},"thumbnailUrl":"https:\/\/www.albisbrunn.ch\/wp\/wp-content\/uploads\/2014\/03\/Schreinerei-CS-2-Header.jpg","datePublished":"2014-03-19T11:48:44+00:00","dateModified":"2017-12-22T07:19:45+00:00","breadcrumb":{"@id":"https:\/\/www.albisbrunn.ch\/wp\/project\/innenausbau-schulhaus\/#breadcrumb"},"inLanguage":"de-CH","potentialAction":[{"@type":"ReadAction","target":["https:\/\/www.albisbrunn.ch\/wp\/project\/innenausbau-schulhaus\/"]}]},{"@type":"ImageObject","inLanguage":"de-CH","@id":"https:\/\/www.albisbrunn.ch\/wp\/project\/innenausbau-schulhaus\/#primaryimage","url":"https:\/\/www.albisbrunn.ch\/wp\/wp-content\/uploads\/2014\/03\/Schreinerei-CS-2-Header.jpg","contentUrl":"https:\/\/www.albisbrunn.ch\/wp\/wp-content\/uploads\/2014\/03\/Schreinerei-CS-2-Header.jpg","width":1600,"height":1065},{"@type":"BreadcrumbList","@id":"https:\/\/www.albisbrunn.ch\/wp\/project\/innenausbau-schulhaus\/#breadcrumb","itemListElement":[{"@type":"ListItem","position":1,"name":"Startseite","item":"https:\/\/www.albisbrunn.ch\/wp\/"},{"@type":"ListItem","position":2,"name":"Projekte","item":"https:\/\/www.albisbrunn.ch\/wp\/project\/"},{"@type":"ListItem","position":3,"name":"Innenausbau Schulhaus"}]},{"@type":"WebSite","@id":"https:\/\/www.albisbrunn.ch\/wp\/#website","url":"https:\/\/www.albisbrunn.ch\/wp\/","name":"Albisbrunn","description":"Pers\u00f6nlichkeitsbildung f\u00fcr Jugendliche in Entwicklungskrisen","publisher":{"@id":"https:\/\/www.albisbrunn.ch\/wp\/#organization"},"potentialAction":[{"@type":"SearchAction","target":{"@type":"EntryPoint","urlTemplate":"https:\/\/www.albisbrunn.ch\/wp\/?s={search_term_string}"},"query-input":{"@type":"PropertyValueSpecification","valueRequired":true,"valueName":"search_term_string"}}],"inLanguage":"de-CH"},{"@type":"Organization","@id":"https:\/\/www.albisbrunn.ch\/wp\/#organization","name":"Albisbrunn","url":"https:\/\/www.albisbrunn.ch\/wp\/","logo":{"@type":"ImageObject","inLanguage":"de-CH","@id":"https:\/\/www.albisbrunn.ch\/wp\/#\/schema\/logo\/image\/","url":"https:\/\/www.albisbrunn.ch\/wp\/wp-content\/uploads\/2022\/01\/05_Logo_ALBISBRUNN_Logo_RGB.png","contentUrl":"https:\/\/www.albisbrunn.ch\/wp\/wp-content\/uploads\/2022\/01\/05_Logo_ALBISBRUNN_Logo_RGB.png","width":2629,"height":344,"caption":"Albisbrunn"},"image":{"@id":"https:\/\/www.albisbrunn.ch\/wp\/#\/schema\/logo\/image\/"}}]}},"_links":{"self":[{"href":"https:\/\/www.albisbrunn.ch\/wp\/wp-json\/wp\/v2\/project\/1692","targetHints":{"allow":["GET"]}}],"collection":[{"href":"https:\/\/www.albisbrunn.ch\/wp\/wp-json\/wp\/v2\/project"}],"about":[{"href":"https:\/\/www.albisbrunn.ch\/wp\/wp-json\/wp\/v2\/types\/project"}],"author":[{"embeddable":true,"href":"https:\/\/www.albisbrunn.ch\/wp\/wp-json\/wp\/v2\/users\/1"}],"replies":[{"embeddable":true,"href":"https:\/\/www.albisbrunn.ch\/wp\/wp-json\/wp\/v2\/comments?post=1692"}],"version-history":[{"count":2,"href":"https:\/\/www.albisbrunn.ch\/wp\/wp-json\/wp\/v2\/project\/1692\/revisions"}],"predecessor-version":[{"id":27974,"href":"https:\/\/www.albisbrunn.ch\/wp\/wp-json\/wp\/v2\/project\/1692\/revisions\/27974"}],"wp:featuredmedia":[{"embeddable":true,"href":"https:\/\/www.albisbrunn.ch\/wp\/wp-json\/wp\/v2\/media\/2662"}],"wp:attachment":[{"href":"https:\/\/www.albisbrunn.ch\/wp\/wp-json\/wp\/v2\/media?parent=1692"}],"wp:term":[{"taxonomy":"project_category","embeddable":true,"href":"https:\/\/www.albisbrunn.ch\/wp\/wp-json\/wp\/v2\/project_category?post=1692"},{"taxonomy":"project_tag","embeddable":true,"href":"https:\/\/www.albisbrunn.ch\/wp\/wp-json\/wp\/v2\/project_tag?post=1692"}],"curies":[{"name":"wp","href":"https:\/\/api.w.org\/{rel}","templated":true}]}}